{"id":40,"date":"2013-04-09T05:38:12","date_gmt":"2013-04-09T03:38:12","guid":{"rendered":"http:\/\/http:\/\/loscaminoslaplata.com\/?page_id=40"},"modified":"2013-04-09T05:38:12","modified_gmt":"2013-04-09T03:38:12","slug":"equipo-de-trabajo","status":"publish","type":"page","link":"http:\/\/loscaminosdelaplata.com\/?page_id=40","title":{"rendered":"Equipo de Trabajo"},"content":{"rendered":"<p>El equipo de trabajo ha estado formado por personas de diversas disciplinas (econom\u00eda, arquitectura, sociolog\u00eda, urbanismo, paisajismo, geograf\u00eda, historia y arte, turismo, inform\u00e1tica), de varios pa\u00edses (Espa\u00f1a, Argentina, M\u00e9xico, Bolivia, Per\u00fa y Colombia), cinco Comunidades Aut\u00f3nomas por las que transcurre la Ruta V\u00eda de la Plata (Asturias, Castilla y Le\u00f3n, Castilla-La Mancha, Extremadura y Andaluc\u00eda) e integrados en grupos de investigaci\u00f3n de varias instituciones nacionales e internacionales (Incuna, Universidad de Le\u00f3n, Universidad de Oviedo, Universidad Polit\u00e9cnica de Madrid, Universidad de Sevilla, Universidad de Castilla-La Mancha, Fundaci\u00f3n Almad\u00e9n. Francisco Javier de Villegas, SEDPGYM. Sociedad Espa\u00f1ola para la Defensa del Patrimonio Geol\u00f3gico y Minero, Fundaci\u00f3n de los Ferrocarriles Espa\u00f1oles, Centro de Interpretaci\u00f3n de la V\u00eda de la Plata en Ba\u00f1os de Montemayor, CONICET Argentina, CEDODAL Centro de Documentaci\u00f3n Arquitectura Latinoamerica de Argentina, Universidad Nacional de Bolivia, PRAPH de Bolivia, Universidad Nacional de Colombia y otras instituciones).<\/p>\n<p><strong><span style=\"font-size: medium;\">Directores de Proyecto<\/span><\/strong><\/p>\n<p><strong>Miguel \u00c1ngel \u00c1lvarez Areces<\/strong><\/p>\n<p><strong><\/strong>Economista, Presidente en Espa\u00f1a del Comit\u00e9 Internacional para la Salvaguarda del Patrimonio Industrial y Presidente de INCUNA (Industria, Cultura y Naturaleza). Espa\u00f1a<\/p>\n<p><strong>Miguel Cervantes Blanco<\/strong><\/p>\n<p>Profesor Titular de Marketing Departamento de Direcci\u00f3n y Econom\u00eda de la Empresa Universidad de Le\u00f3n. Espa\u00f1a<\/p>\n<p>&nbsp;<\/p>\n<p><strong><span style=\"font-size: medium;\">Equipo de Investigadores y Colaboradores<\/span><\/strong><\/p>\n<p><strong>Ram\u00f3n Guti\u00e9rrez<\/strong><\/p>\n<p>Catedr\u00e1tico de Historia de la Arquitectura. Investigador del CONICET. Argentina<\/p>\n<p><strong>Jorge Tartarini<\/strong><\/p>\n<p>Arquitecto. Director del Museo del Patrimonio de Aguas. Buenos Aires. Investigador del CONICET. Argentina<\/p>\n<p><strong>Celina Beatriz Noya<\/strong><\/p>\n<p>Arquitecta. CEDODAL. Argentina<\/p>\n<p><strong>Dra. Mercedes L\u00f3pez Garc\u00eda<\/strong><\/p>\n<p>Profesora Titular de Est\u00e9tica de la Ingenier\u00eda de la Universidad Polit\u00e9cnica de Madrid. Espa\u00f1a<\/p>\n<p><strong>Dr. Vicente Juli\u00e1n Sobrino Simal<\/strong><\/p>\n<p>Profesor Titular del Departamento de Historia, Teor\u00eda y Composici\u00f3n Arquitect\u00f3nica de la Facultad de Arquitectura Universidad de Sevilla. Espa\u00f1a<\/p>\n<p><strong>Bel\u00e9n J. Jurado<\/strong><\/p>\n<p>Arquitecta, Facultad de Arquitectura Universidad de Sevilla. Espa\u00f1a<\/p>\n<p><strong>Luis Mansilla Plaza<\/strong><\/p>\n<p>Ingeniero de Minas, Director de la Escuela Superior de Minas de Almad\u00e9n. Espa\u00f1a<\/p>\n<p><strong>Norberto Mu\u00f1iz Mart\u00ednez<\/strong><\/p>\n<p>Profesor Titular de Marketing Departamento de Direcci\u00f3n y Econom\u00eda de la Empresa Universidad de Le\u00f3n. Espa\u00f1a<\/p>\n<p><strong>Ana Mar\u00eda Gonz\u00e1lez Fern\u00e1ndez<\/strong><\/p>\n<p>Profesora Titular de Marketing Departamento de Direcci\u00f3n y Econom\u00eda de la Empresa Universidad de Le\u00f3n. Espa\u00f1a<\/p>\n<p><strong>V\u00edctor Mauricio Terrazas<\/strong><\/p>\n<p>Arquitecto y Paisajista. Investigador de la Red XIII, y del proyecto M\u00e9xico sobre reutilizaci\u00f3n de minas abandonadas y l\u00edneas de ferrocarril obsoletas. M\u00e9xico<\/p>\n<p><strong>Bel\u00e9n Tornero<\/strong><\/p>\n<p>Licenciada en Geograf\u00eda, socia de Zeppel\u00edn SL. (Turismo cultural). Espa\u00f1a<\/p>\n<p><strong>M\u00f3nica Poncelas Nieto<\/strong><\/p>\n<p>Ge\u00f3grafa, directora de Miragis SL. Empresa consultora de p\u00e1ginas Web y G.I.S. Espa\u00f1a<\/p>\n<p><strong>\u00c1ngel Manuel Hern\u00e1ndez Sobrino<\/strong><\/p>\n<p>Ge\u00f3logo. Patrono de la Fundaci\u00f3n Almad\u00e9n-Francisco Javier de Villegas. Espa\u00f1a<\/p>\n<p><strong>Antonio J. Campesino Fern\u00e1ndez<\/strong><\/p>\n<p>Catedr\u00e1tico de An\u00e1lisis Urbano y Regional, UEX. Vicepresidente de ICOMOS-Espa\u00f1a<\/p>\n<p><strong>Belem Oviedo G\u00e1mez<\/strong><\/p>\n<p>Directora del Archivo Hist\u00f3rico y Museo de Miner\u00eda de Pachuca. M\u00e9xico<\/p>\n<p><strong>Carlos Serrano<\/strong><\/p>\n<p>Dr. Ingeniero de Minas. Universidad Nacional de Bolivia<\/p>\n<p><strong>Enrique Orche Garc\u00eda<\/strong><\/p>\n<p>Dr. Ingeniero de Minas. Catedr\u00e1tico de la ETS Ing. de Minas. Universidad de Vigo. Espa\u00f1a<\/p>\n<p><strong>Jorge Mart\u00edn Molina<\/strong><\/p>\n<p>Profesor asociado. Escuela de Geociencias y Ambiente. Facultad de Minas. Universidad Nacional de Medell\u00edn. Colombia<\/p>\n<p><strong>Johana Rodr\u00edguez<\/strong><\/p>\n<p>Responsable del Museo de Geolog\u00eda. Universidad Nacional de Colombia en Medell\u00edn. Colombia<\/p>\n<p><strong>Josep M. Mata i Perell\u00f3<\/strong><\/p>\n<p>Presidente Honorario de SEDPGYM, Coordinador General de la FISDPGYM. Departamento de Ingenier\u00eda Minera y Recursos Naturales. Universidad Polit\u00e9cnica de Catalu\u00f1a. Espa\u00f1a<\/p>\n<p><strong>Juan Carlos Jim\u00e9nez Barrientos<\/strong><\/p>\n<p>Arque\u00f3logo. Consejer\u00eda de Cultura. Junta de Andalucia. Espa\u00f1a<\/p>\n<p><strong>Katia Raffo Gulha<\/strong><\/p>\n<p>Consultora de Gesti\u00f3n Cultural y Turismo. Huancavelica. Per\u00fa<\/p>\n<p><strong>Miguel Arrieta Gallastegui<\/strong><\/p>\n<p>Escritor y corrector editorial. INCUNA \u00abAsociaci\u00f3n Arqueolog\u00eda Industrial, Patrimonio Cultural y Natural\u00bb<\/p>\n<p><strong>Miguel Jim\u00e9nez Vega<\/strong><\/p>\n<p>Ge\u00f3grafo. Direcci\u00f3n de Documentaci\u00f3n y Archivo Hist\u00f3rico Ferroviario. Fundaci\u00f3n de los Ferrocarriles Espa\u00f1oles. Espa\u00f1a<\/p>\n<p><strong>Tirzah Gamarra Valverde<\/strong><\/p>\n<p>Consultora de Gesti\u00f3n Cultural y Turismo. Huancavelica. Per\u00fa<\/p>\n<p><strong>Urbano Dom\u00ednguez Garrido<\/strong><\/p>\n<p>Catedr\u00e1tico de Ingenier\u00eda Mec\u00e1nica. E.U. Polit\u00e9cnica. Universidad de Valladolid. Grupo Cultural San Gil. Espa\u00f1a<\/p>\n<p><strong>Nuria Vila \u00c1lvarez<\/strong><\/p>\n<p>Documentalista. Museo del Ferrocarril de Asturias. Fundaci\u00f3n Municipal de Cultura, Educaci\u00f3n y Universidad Popular. Ayuntamiento de Gij\u00f3n. Espa\u00f1a<\/p>\n<p><strong>Benito Arn\u00e1iz Alonso<\/strong><\/p>\n<p>Jefe del Servicio de Patrimonio de la Direcci\u00f3n General de Patrimonio y Bienes Culturales de la Junta de Castilla y Le\u00f3n. Espa\u00f1a<\/p>\n<p><strong>Javier R. S\u00e1nchez Mart\u00edn<\/strong><\/p>\n<p>Catedr\u00e1tico E.U. de Ingenier\u00eda Qu\u00edmica y Textil en la E.T.S. de Ingenier\u00eda Indust. de B\u00e9jar. Univ. de Salamanca. Espa\u00f1a<\/p>\n<p><strong>Luis F. Mazadiego<\/strong><\/p>\n<p>Dr. Ingeniero de Minas. Escuela Superior Polit\u00e9cnica de Minas de Madrid. Espa\u00f1a<\/p>\n<p><strong>Octavio Puche Riart<\/strong><\/p>\n<p>Profesor de la Escuela T\u00e9cnica Superior de Ingenieros de Minas, Universidad Polit\u00e9cnica de Madrid y Presidente de la Sociedad Espa\u00f1ola para la Defensa del Patrimonio Geol\u00f3gico y Minero. Espa\u00f1a<\/p>\n<p><strong>Ana Fern\u00e1ndez Iglesias<\/strong><\/p>\n<p>Licenciada Historia del Arte. Becaria de INCUNA en convenio con la Universidad Oviedo. Espa\u00f1a<\/p>\n<p><strong>Virginia L\u00f3pez Castellanos<\/strong><\/p>\n<p>Licenciada en Historia del Arte. Becaria de INCUNA en convenio con la Universidad de Oviedo. Espa\u00f1a<\/p>\n<p><strong>Carmen Alonso Su\u00e1rez<\/strong><\/p>\n<p>Licenciada en Geograf\u00eda e Historia (Especialidad Historia del Arte). Universidad de Oviedo. Espa\u00f1a<\/p>\n<p><strong>Audrey Lecornu<\/strong><\/p>\n<p>Licenciada en Traducci\u00f3n e Interpretaci\u00f3n. Becaria INCUNA convenio Curso especialista en gesti\u00f3n Cultural Universidad de Oviedo. Espa\u00f1a<\/p>\n<p><strong>Manuel Ovies Freire<\/strong><\/p>\n<p>Soci\u00f3logo. INCUNA (Industria, Cultura y Naturaleza). Espa\u00f1a<\/p>\n<p><strong>Sonia Sierra Matilla<\/strong><\/p>\n<p>Becaria de INCUNA convenio con \u00c1rea Marketing Departamento de Direcci\u00f3n y Econom\u00eda de la Empresa Universidad de Le\u00f3n. Espa\u00f1a<\/p>\n<p><strong>Ricardo Garc\u00eda Lape\u00f1a<\/strong><\/p>\n<p>Becario de INCUNA en convenio con \u00c1rea Marketing Departamento de Direcci\u00f3n y Econom\u00eda de la Empresa. Universidad de Le\u00f3n. Espa\u00f1a<\/p>\n","protected":false},"excerpt":{"rendered":"<p>El equipo de trabajo ha estado formado por personas de diversas disciplinas (econom\u00eda, arquitectura, sociolog\u00eda, urbanismo, paisajismo, geograf\u00eda, historia y arte, turismo, inform\u00e1tica), de varios pa\u00edses (Espa\u00f1a, Argentina, M\u00e9xico, Bolivia, Per\u00fa y Colombia), cinco Comunidades Aut\u00f3nomas por las que transcurre la Ruta V\u00eda de la Plata (Asturias, Castilla y Le\u00f3n, Castilla-La Mancha, Extremadura y Andaluc\u00eda) [&hellip;]<\/p>\n","protected":false},"author":1,"featured_media":0,"parent":0,"menu_order":0,"comment_status":"open","ping_status":"open","template":"","meta":{"footnotes":""},"_links":{"self":[{"href":"http:\/\/loscaminosdelaplata.com\/index.php?rest_route=\/wp\/v2\/pages\/40"}],"collection":[{"href":"http:\/\/loscaminosdelaplata.com\/index.php?rest_route=\/wp\/v2\/pages"}],"about":[{"href":"http:\/\/loscaminosdelaplata.com\/index.php?rest_route=\/wp\/v2\/types\/page"}],"author":[{"embeddable":true,"href":"http:\/\/loscaminosdelaplata.com\/index.php?rest_route=\/wp\/v2\/users\/1"}],"replies":[{"embeddable":true,"href":"http:\/\/loscaminosdelaplata.com\/index.php?rest_route=%2Fwp%2Fv2%2Fcomments&post=40"}],"version-history":[{"count":0,"href":"http:\/\/loscaminosdelaplata.com\/index.php?rest_route=\/wp\/v2\/pages\/40\/revisions"}],"wp:attachment":[{"href":"http:\/\/loscaminosdelaplata.com\/index.php?rest_route=%2Fwp%2Fv2%2Fmedia&parent=40"}],"curies":[{"name":"wp","href":"https:\/\/api.w.org\/{rel}","templated":true}]}}